{"id":175,"date":"2024-05-10T11:34:09","date_gmt":"2024-05-10T09:34:09","guid":{"rendered":"https:\/\/citizen-science.ub.uni-kiel.de\/?page_id=175"},"modified":"2024-08-23T11:05:36","modified_gmt":"2024-08-23T09:05:36","slug":"obst-buch-fuer-schleswig-holstein-und-lauenburg","status":"publish","type":"page","link":"https:\/\/citizen-science.ub.uni-kiel.de\/?page_id=175","title":{"rendered":"Das Obstbuch von 1859: Ein Fenster in die pomologische Vergangenheit"},"content":{"rendered":"\n<figure class=\"wp-block-gallery has-nested-images columns-default is-cropped wp-block-gallery-1 is-layout-flex wp-block-gallery-is-layout-flex\">\n<figure class=\"wp-block-image size-large\"><img loading=\"lazy\" decoding=\"async\" width=\"857\" height=\"1219\" data-id=\"196\" src=\"https:\/\/citizen-science.ub.uni-kiel.de\/wp-content\/uploads\/2024\/05\/Bildschirmfoto-2024-05-10-um-19.52.05-edited.jpeg\" alt=\"\" class=\"wp-image-196\" srcset=\"https:\/\/citizen-science.ub.uni-kiel.de\/wp-content\/uploads\/2024\/05\/Bildschirmfoto-2024-05-10-um-19.52.05-edited.jpeg 857w, https:\/\/citizen-science.ub.uni-kiel.de\/wp-content\/uploads\/2024\/05\/Bildschirmfoto-2024-05-10-um-19.52.05-edited-211x300.jpeg 211w, https:\/\/citizen-science.ub.uni-kiel.de\/wp-content\/uploads\/2024\/05\/Bildschirmfoto-2024-05-10-um-19.52.05-edited-720x1024.jpeg 720w, https:\/\/citizen-science.ub.uni-kiel.de\/wp-content\/uploads\/2024\/05\/Bildschirmfoto-2024-05-10-um-19.52.05-edited-768x1092.jpeg 768w\" sizes=\"auto, (max-width: 857px) 100vw, 857px\" \/><figcaption class=\"wp-element-caption\">Obstbuch, Vorrede, S.7.<\/figcaption><\/figure>\n\n\n\n<figure class=\"wp-block-image size-large\"><img loading=\"lazy\" decoding=\"async\" width=\"964\" height=\"1361\" data-id=\"197\" src=\"https:\/\/citizen-science.ub.uni-kiel.de\/wp-content\/uploads\/2024\/05\/Bildschirmfoto-2024-05-10-um-19.52.18-edited.jpeg\" alt=\"\" class=\"wp-image-197\" srcset=\"https:\/\/citizen-science.ub.uni-kiel.de\/wp-content\/uploads\/2024\/05\/Bildschirmfoto-2024-05-10-um-19.52.18-edited.jpeg 964w, https:\/\/citizen-science.ub.uni-kiel.de\/wp-content\/uploads\/2024\/05\/Bildschirmfoto-2024-05-10-um-19.52.18-edited-212x300.jpeg 212w, https:\/\/citizen-science.ub.uni-kiel.de\/wp-content\/uploads\/2024\/05\/Bildschirmfoto-2024-05-10-um-19.52.18-edited-725x1024.jpeg 725w, https:\/\/citizen-science.ub.uni-kiel.de\/wp-content\/uploads\/2024\/05\/Bildschirmfoto-2024-05-10-um-19.52.18-edited-768x1084.jpeg 768w\" sizes=\"auto, (max-width: 964px) 100vw, 964px\" \/><figcaption class=\"wp-element-caption\">Obstbuch, Vorrede, S.8.<\/figcaption><\/figure>\n<\/figure>\n\n\n\n<p><br>Die Vorrede unseres historischen <a href=\"https:\/\/dibiki.ub.uni-kiel.de\/viewer\/image\/PPN521544025\/7\/LOG_0004\/\">Obstbuches von 1859<\/a> spiegelt das wissenschaftliche und kulturelle Bestreben seiner Zeit wider, das Wissen um Obstsorten systematisch zu erfassen und zu verbreiten. Geschrieben in einer Zeit, als die Pomologie \u2013 die Lehre der Obstbaumkunde \u2013 in voller Bl\u00fcte stand, dient das Buch als Leitfaden f\u00fcr die damals in Schleswig-Holstein und Hamburg empfohlenen Obstsorten. Entgegen der Titelangaben listet das Buch jedoch lediglich 25 Sorten auf, was darauf hindeutet, dass m\u00f6glicherweise ein zweiter Band geplant war. <\/p>\n\n\n\n<p>Die Sortenbeschreibungen basieren auf dem umfangreichen Werk &#8218;<a href=\"https:\/\/pomologie.ub.tu-berlin.de\/Ill__Handb__der_Obstkunde\/body_ill__handb__der_obstkunde.html\" data-type=\"link\" data-id=\"https:\/\/pomologie.ub.tu-berlin.de\/Ill__Handb__der_Obstkunde\/body_ill__handb__der_obstkunde.html\">Illustrirtes Handbuch der Obstkunde<\/a>&#8218;, dessen Herausgabe im Jahr 1857 auf der zweiten Versammlung deutscher Pomologen und Obstz\u00fcchter in Gotha beschlossen wurde. Dieses Handbuch, erstellt von einer Gemeinschaft aus Fachleuten &#8211; Superintendent Georg Conrad Oberdieck, G\u00e4rtner Dr. Eduard Lucas und Arzt Franz Jahn &#8211; setzte neue Ma\u00dfst\u00e4be in Sachen Genauigkeit und gilt bis heute als klassisches Werk der deutschen Pomologie.<\/p>\n\n\n\n<figure class=\"wp-block-image size-full is-resized\"><img loading=\"lazy\" decoding=\"async\" width=\"1024\" height=\"1024\" src=\"https:\/\/citizen-science.ub.uni-kiel.de\/wp-content\/uploads\/2024\/05\/DALL\u00b7E-2024-05-21-09.30.38-An-illustration-reflecting-the-digitalization-of-a-historical-fruit-book-from-1859.-Combine-elements-of-the-antique-book-with-modern-digital-technolog.webp\" alt=\"\" class=\"wp-image-221\" style=\"width:587px;height:auto\" srcset=\"https:\/\/citizen-science.ub.uni-kiel.de\/wp-content\/uploads\/2024\/05\/DALL\u00b7E-2024-05-21-09.30.38-An-illustration-reflecting-the-digitalization-of-a-historical-fruit-book-from-1859.-Combine-elements-of-the-antique-book-with-modern-digital-technolog.webp 1024w, https:\/\/citizen-science.ub.uni-kiel.de\/wp-content\/uploads\/2024\/05\/DALL\u00b7E-2024-05-21-09.30.38-An-illustration-reflecting-the-digitalization-of-a-historical-fruit-book-from-1859.-Combine-elements-of-the-antique-book-with-modern-digital-technolog-300x300.webp 300w, https:\/\/citizen-science.ub.uni-kiel.de\/wp-content\/uploads\/2024\/05\/DALL\u00b7E-2024-05-21-09.30.38-An-illustration-reflecting-the-digitalization-of-a-historical-fruit-book-from-1859.-Combine-elements-of-the-antique-book-with-modern-digital-technolog-150x150.webp 150w, https:\/\/citizen-science.ub.uni-kiel.de\/wp-content\/uploads\/2024\/05\/DALL\u00b7E-2024-05-21-09.30.38-An-illustration-reflecting-the-digitalization-of-a-historical-fruit-book-from-1859.-Combine-elements-of-the-antique-book-with-modern-digital-technolog-768x768.webp 768w\" sizes=\"auto, (max-width: 1024px) 100vw, 1024px\" \/><\/figure>\n\n\n\n<p>Hier m\u00f6chten wir die 25 historischen Obstsorten aus unserem Obstbuch n\u00e4her vorstellen. Jede Sorte wird ausf\u00fchrlich beschrieben, inklusive ihrer historischen und aktuellen Merkmale wie Gr\u00f6\u00dfe, Farbe, Form, Geschmack, und Nutzung. Zus\u00e4tzlich bieten wir Einblicke in die kulturelle und wissenschaftliche Bedeutung jeder Sorte und wie sie sich \u00fcber die Jahre gehalten hat. Der Titel ist jeweils verlinkt mit dem Eintrag der Sorte in der <a href=\"http:\/\/www.obstsortendatenbank.de\/home.htm\" data-type=\"link\" data-id=\"http:\/\/www.obstsortendatenbank.de\/home.htm\">Obstsortendatenbank<\/a> des Erhalternetzwerks, sofern vorhanden.<\/p>\n\n\n\n<details class=\"wp-block-details is-layout-flow wp-block-details-is-layout-flow\"><summary>Sortenliste Obstbuch<\/summary>\n<p>Lade Dir hier die Sortenliste herunter<\/p>\n\n\n\n<div class=\"wp-block-group has-global-padding is-layout-constrained wp-block-group-is-layout-constrained\">\n<div data-wp-interactive=\"core\/file\" class=\"wp-block-file\"><object data-wp-bind--hidden=\"!state.hasPdfPreview\" hidden class=\"wp-block-file__embed\" data=\"https:\/\/citizen-science.ub.uni-kiel.de\/wp-content\/uploads\/2024\/05\/Obstbuch_Sortenliste.pdf\" type=\"application\/pdf\" style=\"width:100%;height:600px\" aria-label=\"Einbettung von Obstbuch_Sortenliste.\"><\/object><a id=\"wp-block-file--media-93866528-55e4-4f1f-8f58-536d3ce14d68\" href=\"https:\/\/citizen-science.ub.uni-kiel.de\/wp-content\/uploads\/2024\/05\/Obstbuch_Sortenliste.pdf\">Obstbuch_Sortenliste<\/a><a href=\"https:\/\/citizen-science.ub.uni-kiel.de\/wp-content\/uploads\/2024\/05\/Obstbuch_Sortenliste.pdf\" class=\"wp-block-file__button wp-element-button\" download aria-describedby=\"wp-block-file--media-93866528-55e4-4f1f-8f58-536d3ce14d68\">Herunterladen<\/a><\/div>\n<\/div>\n<\/details>\n\n\n\n<div class=\"wp-block-group alignfull has-global-padding is-layout-constrained wp-container-core-group-is-layout-b25ccd55 wp-block-group-is-layout-constrained\" style=\"margin-top:0;margin-bottom:0;padding-top:var(--wp--preset--spacing--50);padding-right:var(--wp--preset--spacing--50);padding-bottom:var(--wp--preset--spacing--50);padding-left:var(--wp--preset--spacing--50)\">\n<figure class=\"wp-block-pullquote\"><blockquote><p><strong>Im Obstbuch aufgef\u00fchrte Sorten <\/strong><br><strong>A01-13: \u00c4pfel<\/strong><\/p><\/blockquote><\/figure>\n\n\n\n<div class=\"wp-block-columns alignwide is-layout-flex wp-container-core-columns-is-layout-ff4b9c61 wp-block-columns-is-layout-flex\" style=\"margin-top:0;margin-bottom:0\">\n<div class=\"wp-block-column is-layout-flow wp-container-core-column-is-layout-8a368f38 wp-block-column-is-layout-flow\">\n<div class=\"wp-block-columns is-style-rounded is-layout-flex wp-container-core-columns-is-layout-28f84493 wp-block-columns-is-layout-flex\">\n<div class=\"wp-block-column is-layout-flow wp-block-column-is-layout-flow\" style=\"flex-basis:50%\">\n<p><strong><a href=\"http:\/\/www.obstsortendatenbank.de\/weisser_winterkalvill.htm\" data-type=\"link\" data-id=\"http:\/\/www.obstsortendatenbank.de\/weisser_winterkalvill.htm\">A01. Wei\u00dfer Winter-Calvill<\/a><\/strong><\/p>\n\n\n\n<figure class=\"wp-block-image\"><img loading=\"lazy\" decoding=\"async\" width=\"600\" height=\"399\" src=\"https:\/\/citizen-science.ub.uni-kiel.de\/wp-content\/uploads\/2024\/08\/A01_Weisser-Winterkalvill.3739_resized_no_distortion202_repositioned_watermarked.jpg\" alt=\"\" class=\"wp-image-271\" srcset=\"https:\/\/citizen-science.ub.uni-kiel.de\/wp-content\/uploads\/2024\/08\/A01_Weisser-Winterkalvill.3739_resized_no_distortion202_repositioned_watermarked.jpg 600w, https:\/\/citizen-science.ub.uni-kiel.de\/wp-content\/uploads\/2024\/08\/A01_Weisser-Winterkalvill.3739_resized_no_distortion202_repositioned_watermarked-300x200.jpg 300w\" sizes=\"auto, (max-width: 600px) 100vw, 600px\" \/><\/figure>\n\n\n\n<p>Gr\u00f6\u00dfe: Mittel bis gro\u00df<\/p>\n\n\n\n<p>Farbe: Grundfarbe gr\u00fcnlich, oft mit einem blassen gelblichen \u00dcberzug<\/p>\n\n\n\n<p>Form: Flachrund mit deutlichen Rippen am Kelch<\/p>\n\n\n\n<p>Fleischfarbe: Wei\u00df<br>Geschmack: S\u00fc\u00df mit leicht s\u00e4uerlichem Unterton, sehr aromatisch<\/p>\n\n\n\n<p>Reifezeit: Pfl\u00fcckreif ab Oktober, Genussreif von Dezember bis April.<\/p>\n\n\n\n<p>Verwendung: Tafelapfel.<\/p>\n\n\n\n<p>Beschreibung: Bekannt f\u00fcr sein festes, aromatisches Fleisch; oft sternf\u00f6rmig geschnitten.<\/p>\n\n\n\n<p><em>Perfekt f\u00fcr eine klassische franz\u00f6sische Apfeltarte. D\u00fcnne Apfelscheiben f\u00e4cherartig auf dem Teig anordnen und mit einer Mischung aus Zucker und Zimt bestreuen.<\/em><\/p>\n<\/div>\n\n\n\n<div class=\"wp-block-column is-layout-flow wp-block-column-is-layout-flow\" style=\"flex-basis:50%\">\n<p><strong><a href=\"http:\/\/www.obstsortendatenbank.de\/roter_herbstkalvill.htm\" data-type=\"link\" data-id=\"http:\/\/www.obstsortendatenbank.de\/roter_herbstkalvill.htm\">A02. Rother Herbst-Calvill<\/a><\/strong><\/p>\n\n\n\n<figure class=\"wp-block-image\"><img loading=\"lazy\" decoding=\"async\" width=\"600\" height=\"398\" src=\"https:\/\/citizen-science.ub.uni-kiel.de\/wp-content\/uploads\/2024\/08\/A02_Roter-Herbstkalvill.1374_resized_no_distortion_repositioned_watermarked.jpg\" alt=\"\" class=\"wp-image-272\" srcset=\"https:\/\/citizen-science.ub.uni-kiel.de\/wp-content\/uploads\/2024\/08\/A02_Roter-Herbstkalvill.1374_resized_no_distortion_repositioned_watermarked.jpg 600w, https:\/\/citizen-science.ub.uni-kiel.de\/wp-content\/uploads\/2024\/08\/A02_Roter-Herbstkalvill.1374_resized_no_distortion_repositioned_watermarked-300x199.jpg 300w\" sizes=\"auto, (max-width: 600px) 100vw, 600px\" \/><\/figure>\n\n\n\n<p>Gr\u00f6\u00dfe: Gro\u00df<\/p>\n\n\n\n<p>Farbe: Leuchtend rot \u00fcber gr\u00fcner Grundfarbe<\/p>\n\n\n\n<p>Form: Leicht kegelf\u00f6rmig<\/p>\n\n\n\n<p>Fleischfarbe: Cremewei\u00df<\/p>\n\n\n\n<p>Geschmack: S\u00fc\u00df-s\u00e4uerlich, knackig<\/p>\n\n\n\n<p>Reifezeit: Pfl\u00fcckreif im sp\u00e4ten September, Genussreif von Oktober bis Dezember.<\/p>\n\n\n\n<p>Verwendung: Tafelapfel.<\/p>\n\n\n\n<p>Beschreibung: Rote Schale mit s\u00fc\u00df-s\u00e4uerlichem Geschmack, ideal f\u00fcr den Frischverzehr.<\/p>\n\n\n\n<p><em>Wurde oft als \u201eder Apfel der K\u00f6nige\u201c bezeichnet, da er bevorzugt an europ\u00e4ischen H\u00f6fen serviert wurde.<\/em><\/p>\n<\/div>\n\n\n\n<div class=\"wp-block-column is-layout-flow wp-block-column-is-layout-flow\" style=\"flex-basis:50%\">\n<p><strong><a href=\"http:\/\/www.obstsortendatenbank.de\/gravensteiner.htm\" data-type=\"link\" data-id=\"http:\/\/www.obstsortendatenbank.de\/gravensteiner.htm\">A03. Gravensteiner<\/a><\/strong><\/p>\n\n\n\n<figure class=\"wp-block-image\"><img loading=\"lazy\" decoding=\"async\" width=\"600\" height=\"398\" src=\"https:\/\/citizen-science.ub.uni-kiel.de\/wp-content\/uploads\/2024\/08\/A03_Gravensteiner.2808_resized_no_distortion_repositioned_watermarked.jpg\" alt=\"\" class=\"wp-image-273\" srcset=\"https:\/\/citizen-science.ub.uni-kiel.de\/wp-content\/uploads\/2024\/08\/A03_Gravensteiner.2808_resized_no_distortion_repositioned_watermarked.jpg 600w, https:\/\/citizen-science.ub.uni-kiel.de\/wp-content\/uploads\/2024\/08\/A03_Gravensteiner.2808_resized_no_distortion_repositioned_watermarked-300x199.jpg 300w\" sizes=\"auto, (max-width: 600px) 100vw, 600px\" \/><\/figure>\n\n\n\n<p>Gr\u00f6\u00dfe: Gro\u00df<\/p>\n\n\n\n<p>Farbe: Gelblich-gr\u00fcn mit roten Streifen<\/p>\n\n\n\n<p>Form: Rund, leicht abgeflacht<\/p>\n\n\n\n<p>Fleischfarbe: Gelblich<\/p>\n\n\n\n<p>Geschmack: Sehr saftig, s\u00fc\u00df, leicht s\u00e4uerlich, sehr aromatisch<\/p>\n\n\n\n<p>Reifezeit: Pfl\u00fcckreif Ende August bis Anfang September, sofort genussreif.<\/p>\n\n\n\n<p>Verwendung: Sommerapfel, fr\u00fcher stark verbreitet, heute Liebhabersorte.<\/p>\n\n\n\n<p>Beschreibung: Bekannt f\u00fcr seinen ausgepr\u00e4gt fruchtigen Geschmack und Duft.<\/p>\n\n\n\n<p><em>Ideal f\u00fcr Apfelsaft; aufgrund seines hohen Saftgehalts und seines s\u00fc\u00df-s\u00e4uerlichen Geschmacks sehr beliebt.<\/em><\/p>\n<\/div>\n<\/div>\n\n\n\n<div style=\"height:100px\" aria-hidden=\"true\" class=\"wp-block-spacer\"><\/div>\n\n\n\n<div class=\"wp-block-columns is-style-rounded is-layout-flex wp-container-core-columns-is-layout-28f84493 wp-block-columns-is-layout-flex\">\n<div class=\"wp-block-column is-layout-flow wp-block-column-is-layout-flow\">\n<p><strong><a href=\"http:\/\/www.obstsortendatenbank.de\/prinzen_apfel.htm\" data-type=\"link\" data-id=\"http:\/\/www.obstsortendatenbank.de\/prinzen_apfel.htm\">A04. Prinzen-Apfel<\/a><\/strong><\/p>\n\n\n\n<figure class=\"wp-block-image is-resized\"><img loading=\"lazy\" decoding=\"async\" width=\"266\" height=\"400\" src=\"https:\/\/citizen-science.ub.uni-kiel.de\/wp-content\/uploads\/2024\/08\/A04_Prinzenapfel.2796_resized_no_distortion_repositioned_watermarked.jpg\" alt=\"\" class=\"wp-image-274\" style=\"width:176px;height:auto\" srcset=\"https:\/\/citizen-science.ub.uni-kiel.de\/wp-content\/uploads\/2024\/08\/A04_Prinzenapfel.2796_resized_no_distortion_repositioned_watermarked.jpg 266w, https:\/\/citizen-science.ub.uni-kiel.de\/wp-content\/uploads\/2024\/08\/A04_Prinzenapfel.2796_resized_no_distortion_repositioned_watermarked-200x300.jpg 200w\" sizes=\"auto, (max-width: 266px) 100vw, 266px\" \/><\/figure>\n\n\n\n<p>Gr\u00f6\u00dfe: Mittel<\/p>\n\n\n\n<p>Farbe: Tiefrot \u00fcber gr\u00fcner Grundfarbe<\/p>\n\n\n\n<p>Form: Rund bis oval<\/p>\n\n\n\n<p>Fleischfarbe: Wei\u00df bis cremefarben<\/p>\n\n\n\n<p>Geschmack: S\u00fc\u00df und saftig mit einer milden S\u00e4ure<\/p>\n\n\n\n<p>Reifezeit: Pfl\u00fcckreif im September, Genussreif von Oktober bis Dezember.<\/p>\n\n\n\n<p>Verwendung: Tafelapfel und Wirtschaftsapfel.<\/p>\n\n\n\n<p>Beschreibung: Sch\u00f6ne rote F\u00e4rbung, festes und saftiges Fleisch.<\/p>\n\n\n\n<p><em>Wunderbar in Apfelkompott. Einfach mit ein wenig Zucker und Zimt kochen, bis die \u00c4pfel weich sind.<\/em><\/p>\n<\/div>\n\n\n\n<div class=\"wp-block-column is-layout-flow wp-block-column-is-layout-flow\">\n<p><strong><a href=\"http:\/\/www.obstsortendatenbank.de\/roter_astracan.htm\" data-type=\"link\" data-id=\"http:\/\/www.obstsortendatenbank.de\/roter_astracan.htm\">A05. Roter Astrakan<\/a><\/strong><\/p>\n\n\n\n<figure class=\"wp-block-image\"><img loading=\"lazy\" decoding=\"async\" width=\"600\" height=\"399\" src=\"https:\/\/citizen-science.ub.uni-kiel.de\/wp-content\/uploads\/2024\/08\/A05_Roter-Astrachan.Bi_.9621_resized_no_distortion_repositioned_watermarked.jpg\" alt=\"\" class=\"wp-image-275\" srcset=\"https:\/\/citizen-science.ub.uni-kiel.de\/wp-content\/uploads\/2024\/08\/A05_Roter-Astrachan.Bi_.9621_resized_no_distortion_repositioned_watermarked.jpg 600w, https:\/\/citizen-science.ub.uni-kiel.de\/wp-content\/uploads\/2024\/08\/A05_Roter-Astrachan.Bi_.9621_resized_no_distortion_repositioned_watermarked-300x200.jpg 300w\" sizes=\"auto, (max-width: 600px) 100vw, 600px\" \/><\/figure>\n\n\n\n<p>Gr\u00f6\u00dfe: Mittel bis gro\u00df<\/p>\n\n\n\n<p>Farbe: Tiefes Rot<\/p>\n\n\n\n<p>Form: Rund mit einer leichten Neigung zur Abflachung<\/p>\n\n\n\n<p>Fleischfarbe: Wei\u00df<\/p>\n\n\n\n<p>Geschmack: S\u00e4uerlich, erfrischend, saftig<\/p>\n\n\n\n<p>Reifezeit: Pfl\u00fcckreif Ende Juli bis Anfang August, sofort genussreif.<\/p>\n\n\n\n<p>Verwendung: Wirtschaftsapfel.<\/p>\n\n\n\n<p>Beschreibung: Saftig mit einer ausgepr\u00e4gten S\u00e4ure, fr\u00fche Erntezeit.<\/p>\n\n\n\n<p><em>Bekannt daf\u00fcr, einer der ersten \u00c4pfel der Saison zu sein, oft schon im sp\u00e4ten Sommer geerntet.<\/em><\/p>\n<\/div>\n\n\n\n<div class=\"wp-block-column is-layout-flow wp-block-column-is-layout-flow\">\n<p><strong><a href=\"http:\/\/www.obstsortendatenbank.de\/danziger_kantapfel.htm\" data-type=\"link\" data-id=\"http:\/\/www.obstsortendatenbank.de\/danziger_kantapfel.htm\">A06. Danziger Kantapfel<\/a><\/strong><\/p>\n\n\n\n<figure class=\"wp-block-image\"><img loading=\"lazy\" decoding=\"async\" width=\"600\" height=\"399\" src=\"https:\/\/citizen-science.ub.uni-kiel.de\/wp-content\/uploads\/2024\/08\/A06_Danziger-Kantapfel.0368_resized_no_distortion_repositioned_watermarked.jpg\" alt=\"\" class=\"wp-image-276\" srcset=\"https:\/\/citizen-science.ub.uni-kiel.de\/wp-content\/uploads\/2024\/08\/A06_Danziger-Kantapfel.0368_resized_no_distortion_repositioned_watermarked.jpg 600w, https:\/\/citizen-science.ub.uni-kiel.de\/wp-content\/uploads\/2024\/08\/A06_Danziger-Kantapfel.0368_resized_no_distortion_repositioned_watermarked-300x200.jpg 300w\" sizes=\"auto, (max-width: 600px) 100vw, 600px\" \/><\/figure>\n\n\n\n<p>Gr\u00f6\u00dfe: Mittel<\/p>\n\n\n\n<p>Farbe: Rot bis tiefrot<\/p>\n\n\n\n<p>Form: Rund mit leichten Rippen<\/p>\n\n\n\n<p>Fleischfarbe: Wei\u00df<\/p>\n\n\n\n<p>Geschmack: W\u00fcrzig, s\u00fc\u00dflich mit einem Hauch von S\u00e4ure<\/p>\n\n\n\n<p>Reifezeit: Pfl\u00fcckreif im Oktober, Genussreif von November bis Februar.<\/p>\n\n\n\n<p>Verwendung: Tafel- und Wirtschaftsapfel.<\/p>\n\n\n\n<p>Beschreibung: Sehr aromatisch, gute Lagerf\u00e4higkeit, rote bis tiefrote Schale.<\/p>\n\n\n\n<p><em>Oft in der Herstellung von traditionellem Apfelkraut verwendet, aufgrund seines reichen Aromas.<\/em><\/p>\n<\/div>\n<\/div>\n\n\n\n<div style=\"height:100px\" aria-hidden=\"true\" class=\"wp-block-spacer\"><\/div>\n\n\n\n<div class=\"wp-block-columns is-style-rounded is-layout-flex wp-container-core-columns-is-layout-28f84493 wp-block-columns-is-layout-flex\">\n<div class=\"wp-block-column is-layout-flow wp-block-column-is-layout-flow\">\n<p><strong><a href=\"http:\/\/www.obstsortendatenbank.de\/kanada_renette.htm\" data-type=\"link\" data-id=\"http:\/\/www.obstsortendatenbank.de\/kanada_renette.htm\">A07. Pariser Rambour-Reinette<\/a><\/strong><\/p>\n\n\n\n<figure class=\"wp-block-image\"><img loading=\"lazy\" decoding=\"async\" width=\"600\" height=\"398\" src=\"https:\/\/citizen-science.ub.uni-kiel.de\/wp-content\/uploads\/2024\/08\/A07_Kanada-Renette.2915_resized_no_distortion_repositioned_watermarked.jpg\" alt=\"\" class=\"wp-image-277\" srcset=\"https:\/\/citizen-science.ub.uni-kiel.de\/wp-content\/uploads\/2024\/08\/A07_Kanada-Renette.2915_resized_no_distortion_repositioned_watermarked.jpg 600w, https:\/\/citizen-science.ub.uni-kiel.de\/wp-content\/uploads\/2024\/08\/A07_Kanada-Renette.2915_resized_no_distortion_repositioned_watermarked-300x199.jpg 300w\" sizes=\"auto, (max-width: 600px) 100vw, 600px\" \/><\/figure>\n\n\n\n<p>Gr\u00f6\u00dfe: Gro\u00df<\/p>\n\n\n\n<p>Farbe: Gr\u00fcnlich-gelb mit einem r\u00f6tlichen \u00dcberzug<\/p>\n\n\n\n<p>Form: Breitrund<\/p>\n\n\n\n<p>Fleischfarbe: Gelblich<\/p>\n\n\n\n<p>Geschmack: S\u00fc\u00df und w\u00fcrzig, sehr aromatisch<\/p>\n\n\n\n<p>Reifezeit: Pfl\u00fcckreif im Oktober, Genussreif von November bis Januar.<\/p>\n\n\n\n<p>Verwendung: Tafelapfel.<\/p>\n\n\n\n<p>Beschreibung: Gute Lagerf\u00e4higkeit, robustes Aroma.<\/p>\n\n\n\n<p><em>Hervorragend f\u00fcr Brat\u00e4pfel. Mit Marzipan und N\u00fcssen f\u00fcllen und langsam im Ofen backen.<\/em><\/p>\n<\/div>\n\n\n\n<div class=\"wp-block-column is-layout-flow wp-block-column-is-layout-flow\">\n<p><strong><a href=\"http:\/\/www.obstsortendatenbank.de\/ananas_renette.htm\" data-type=\"link\" data-id=\"http:\/\/www.obstsortendatenbank.de\/ananas_renette.htm\">A08. Ananas-Reinette<\/a><\/strong><\/p>\n\n\n\n<figure class=\"wp-block-image\"><img loading=\"lazy\" decoding=\"async\" width=\"600\" height=\"399\" src=\"https:\/\/citizen-science.ub.uni-kiel.de\/wp-content\/uploads\/2024\/08\/A08_Ananasrenette.0801_resized_no_distortion_repositioned_watermarked.jpg\" alt=\"\" class=\"wp-image-278\" srcset=\"https:\/\/citizen-science.ub.uni-kiel.de\/wp-content\/uploads\/2024\/08\/A08_Ananasrenette.0801_resized_no_distortion_repositioned_watermarked.jpg 600w, https:\/\/citizen-science.ub.uni-kiel.de\/wp-content\/uploads\/2024\/08\/A08_Ananasrenette.0801_resized_no_distortion_repositioned_watermarked-300x200.jpg 300w\" sizes=\"auto, (max-width: 600px) 100vw, 600px\" \/><\/figure>\n\n\n\n<p>Gr\u00f6\u00dfe: Klein bis mittel<\/p>\n\n\n\n<p>Farbe: Gelb mit einer feinen roten Maserung<\/p>\n\n\n\n<p>Form: Rundlich<\/p>\n\n\n\n<p>Fleischfarbe: Cremewei\u00df<\/p>\n\n\n\n<p>Geschmack: S\u00fc\u00df mit einem deutlichen Ananasaroma<\/p>\n\n\n\n<p>Reifezeit: Pfl\u00fcckreif im Oktober, Genussreif von November bis Januar.<\/p>\n\n\n\n<p>Verwendung: Tafelapfel.<\/p>\n\n\n\n<p>Beschreibung: Kleiner Apfel mit einzigartigem, s\u00fc\u00dfem Geschmack, der an Ananas erinnert.<\/p>\n<\/div>\n\n\n\n<div class=\"wp-block-column is-layout-flow wp-block-column-is-layout-flow\">\n<p><strong><a href=\"http:\/\/www.obstsortendatenbank.de\/orleansrenette.htm\" data-type=\"link\" data-id=\"http:\/\/www.obstsortendatenbank.de\/orleansrenette.htm\">A09. Orleans-Reinette<\/a><\/strong><\/p>\n\n\n\n<figure class=\"wp-block-image\"><img loading=\"lazy\" decoding=\"async\" width=\"600\" height=\"399\" src=\"https:\/\/citizen-science.ub.uni-kiel.de\/wp-content\/uploads\/2024\/08\/A09_EchteOrleansRenette.2724_resized_no_distortion_repositioned_watermarked.jpg\" alt=\"\" class=\"wp-image-279\" srcset=\"https:\/\/citizen-science.ub.uni-kiel.de\/wp-content\/uploads\/2024\/08\/A09_EchteOrleansRenette.2724_resized_no_distortion_repositioned_watermarked.jpg 600w, https:\/\/citizen-science.ub.uni-kiel.de\/wp-content\/uploads\/2024\/08\/A09_EchteOrleansRenette.2724_resized_no_distortion_repositioned_watermarked-300x200.jpg 300w\" sizes=\"auto, (max-width: 600px) 100vw, 600px\" \/><\/figure>\n\n\n\n<p>Gr\u00f6\u00dfe: Mittel bis gro\u00df<\/p>\n\n\n\n<p>Farbe: Gelb-gr\u00fcn mit rostroten Flecken<\/p>\n\n\n\n<p>Form: Abgeflacht-rund<\/p>\n\n\n\n<p>Fleischfarbe: Gelblich<\/p>\n\n\n\n<p>Geschmack: Reich und s\u00fc\u00df mit einer angenehmen S\u00e4ure<\/p>\n\n\n\n<p>Reifezeit: Pfl\u00fcckreif im Oktober, Genussreif von November bis Februar.<\/p>\n\n\n\n<p>Verwendung: Tafelapfel.<\/p>\n\n\n\n<p>Beschreibung: Bekannt f\u00fcr sein reiches Aroma und festes Fleisch.<\/p>\n\n\n\n<p><em>Pr\u00e4destiniert f\u00fcr Apfelkuchen, da sie beim Backen ihre Form beh\u00e4lt und ein reiches Aroma entfaltet.<\/em><\/p>\n<\/div>\n<\/div>\n\n\n\n<div style=\"height:100px\" aria-hidden=\"true\" class=\"wp-block-spacer\"><\/div>\n\n\n\n<div class=\"wp-block-columns is-style-rounded is-layout-flex wp-container-core-columns-is-layout-28f84493 wp-block-columns-is-layout-flex\">\n<div class=\"wp-block-column is-layout-flow wp-block-column-is-layout-flow\">\n<p><strong><a href=\"http:\/\/www.obstsortendatenbank.de\/goldparmaene.htm\" data-type=\"link\" data-id=\"http:\/\/www.obstsortendatenbank.de\/goldparmaene.htm\">A10. Winter-Goldparm\u00e4ne<\/a><\/strong><\/p>\n\n\n\n<figure class=\"wp-block-image\"><img loading=\"lazy\" decoding=\"async\" width=\"600\" height=\"398\" src=\"https:\/\/citizen-science.ub.uni-kiel.de\/wp-content\/uploads\/2024\/08\/A10_Goldparmaene.7950_resized_no_distortion_repositioned_watermarked.jpg\" alt=\"\" class=\"wp-image-280\" srcset=\"https:\/\/citizen-science.ub.uni-kiel.de\/wp-content\/uploads\/2024\/08\/A10_Goldparmaene.7950_resized_no_distortion_repositioned_watermarked.jpg 600w, https:\/\/citizen-science.ub.uni-kiel.de\/wp-content\/uploads\/2024\/08\/A10_Goldparmaene.7950_resized_no_distortion_repositioned_watermarked-300x199.jpg 300w\" sizes=\"auto, (max-width: 600px) 100vw, 600px\" \/><\/figure>\n\n\n\n<p>Gr\u00f6\u00dfe: Mittel<\/p>\n\n\n\n<p>Farbe: Goldgelb mit orangefarbenen Flecken<\/p>\n\n\n\n<p>Form: Rund, leicht abgeflacht<\/p>\n\n\n\n<p>Fleischfarbe: Cremig wei\u00df<\/p>\n\n\n\n<p>Geschmack: S\u00fc\u00df, w\u00fcrzig und sehr saftig<\/p>\n\n\n\n<p>Reifezeit: Pfl\u00fcckreif im sp\u00e4ten Oktober, Genussreif von Dezember bis Februar.<\/p>\n\n\n\n<p>Verwendung: Tafelapfel.<\/p>\n\n\n\n<p>Beschreibung: Goldene Schale, s\u00fc\u00dfer und w\u00fcrziger Geschmack, beliebt f\u00fcr den Frischverzehr und die Lagerung.<\/p>\n\n\n\n<p><em>Ideal f\u00fcr Apfelchutney. Mit Zwiebeln, Essig, Zucker und Gew\u00fcrzen kochen, um eine perfekte Beilage zu K\u00e4se und Fleisch zu schaffen.<\/em><\/p>\n<\/div>\n\n\n\n<div class=\"wp-block-column is-layout-flow wp-block-column-is-layout-flow\">\n<p><strong><a href=\"http:\/\/www.obstsortendatenbank.de\/champagner_renette.htm\" data-type=\"link\" data-id=\"http:\/\/www.obstsortendatenbank.de\/champagner_renette.htm\">A11. Champagner-Reinette<\/a><\/strong><\/p>\n\n\n\n<figure class=\"wp-block-image\"><img loading=\"lazy\" decoding=\"async\" width=\"600\" height=\"398\" src=\"https:\/\/citizen-science.ub.uni-kiel.de\/wp-content\/uploads\/2024\/08\/A11_Champagner-Renette.2895_resized_no_distortion_repositioned_watermarked.jpg\" alt=\"\" class=\"wp-image-281\" srcset=\"https:\/\/citizen-science.ub.uni-kiel.de\/wp-content\/uploads\/2024\/08\/A11_Champagner-Renette.2895_resized_no_distortion_repositioned_watermarked.jpg 600w, https:\/\/citizen-science.ub.uni-kiel.de\/wp-content\/uploads\/2024\/08\/A11_Champagner-Renette.2895_resized_no_distortion_repositioned_watermarked-300x199.jpg 300w\" sizes=\"auto, (max-width: 600px) 100vw, 600px\" \/><\/figure>\n\n\n\n<p>Gr\u00f6\u00dfe: Mittel<\/p>\n\n\n\n<p>Farbe: Gr\u00fcnlich-gelb mit einem r\u00f6tlichen Schimmer<\/p>\n\n\n\n<p>Form: Rundlich bis leicht oval<\/p>\n\n\n\n<p>Fleischfarbe: Cremewei\u00df<\/p>\n\n\n\n<p>Geschmack: Ausgewogen zwischen S\u00fc\u00dfe und S\u00e4ure, sehr saftig<\/p>\n\n\n\n<p>Reifezeit: Pfl\u00fcckreif im Oktober, Genussreif von November bis M\u00e4rz.<\/p>\n\n\n\n<p>Verwendung: Tafelapfel.<\/p>\n\n\n\n<p>Beschreibung: Feines, saftiges Fleisch mit einem ausgeglichenen s\u00fc\u00df-s\u00e4uerlichen Geschmack.<\/p>\n\n\n\n<p><em>Aufgrund ihres ausgeglichenen Geschmacks oft in der gehobenen K\u00fcche verwendet, um feine Desserts zu kreieren.<\/em><\/p>\n<\/div>\n\n\n\n<div class=\"wp-block-column is-layout-flow wp-block-column-is-layout-flow\">\n<p><strong><a href=\"http:\/\/www.obstsortendatenbank.de\/koeniglicher_kurzstiel.htm\" data-type=\"link\" data-id=\"http:\/\/www.obstsortendatenbank.de\/koeniglicher_kurzstiel.htm\">A12. K\u00f6niglicher Kurzstiel<\/a><\/strong><\/p>\n\n\n\n<figure class=\"wp-block-image\"><img loading=\"lazy\" decoding=\"async\" width=\"600\" height=\"399\" src=\"https:\/\/citizen-science.ub.uni-kiel.de\/wp-content\/uploads\/2024\/08\/A12_Koeniglicher-Kurzstiel.9812_resized_no_distortion_repositioned_watermarked.jpg\" alt=\"\" class=\"wp-image-282\" srcset=\"https:\/\/citizen-science.ub.uni-kiel.de\/wp-content\/uploads\/2024\/08\/A12_Koeniglicher-Kurzstiel.9812_resized_no_distortion_repositioned_watermarked.jpg 600w, https:\/\/citizen-science.ub.uni-kiel.de\/wp-content\/uploads\/2024\/08\/A12_Koeniglicher-Kurzstiel.9812_resized_no_distortion_repositioned_watermarked-300x200.jpg 300w\" sizes=\"auto, (max-width: 600px) 100vw, 600px\" \/><\/figure>\n\n\n\n<p>Gr\u00f6\u00dfe: Mittel<\/p>\n\n\n\n<p>Farbe: Dunkelrot<\/p>\n\n\n\n<p>Form: Rund<\/p>\n\n\n\n<p>Fleischfarbe: Wei\u00df<\/p>\n\n\n\n<p>Geschmack: S\u00fc\u00df, mit einer kr\u00e4ftigen Note<\/p>\n\n\n\n<p>Reifezeit: Pfl\u00fcckreif im Oktober, Genussreif ab Dezember.<\/p>\n\n\n\n<p>Verwendung: Tafelapfel, stark gef\u00e4hrdet.<\/p>\n\n\n\n<p>Beschreibung: Sehr seltene Sorte, bekannt f\u00fcr ihren intensiven Geschmack.<\/p>\n\n\n\n<p><em>Aufgrund seiner Seltenheit oft Zentrum von Obstausstellungen und -wettbewerben.<\/em><\/p>\n<\/div>\n<\/div>\n\n\n\n<div style=\"height:100px\" aria-hidden=\"true\" class=\"wp-block-spacer\"><\/div>\n\n\n\n<div class=\"wp-block-columns is-style-rounded is-layout-flex wp-container-core-columns-is-layout-28f84493 wp-block-columns-is-layout-flex\">\n<div class=\"wp-block-column is-layout-flow wp-block-column-is-layout-flow\">\n<p><strong><a href=\"http:\/\/www.obstsortendatenbank.de\/gelbe_kasseler_renette.htm\" data-type=\"link\" data-id=\"http:\/\/www.obstsortendatenbank.de\/gelbe_kasseler_renette.htm\">A13. Gro\u00dfe Casseler Reinette<\/a><\/strong><\/p>\n\n\n\n<figure class=\"wp-block-image\"><img loading=\"lazy\" decoding=\"async\" width=\"600\" height=\"398\" src=\"https:\/\/citizen-science.ub.uni-kiel.de\/wp-content\/uploads\/2024\/08\/A13_Kasseler-Renette.0580_resized_no_distortion_repositioned_watermarked.jpg\" alt=\"\" class=\"wp-image-283\" srcset=\"https:\/\/citizen-science.ub.uni-kiel.de\/wp-content\/uploads\/2024\/08\/A13_Kasseler-Renette.0580_resized_no_distortion_repositioned_watermarked.jpg 600w, https:\/\/citizen-science.ub.uni-kiel.de\/wp-content\/uploads\/2024\/08\/A13_Kasseler-Renette.0580_resized_no_distortion_repositioned_watermarked-300x199.jpg 300w\" sizes=\"auto, (max-width: 600px) 100vw, 600px\" \/><\/figure>\n\n\n\n<p>Gr\u00f6\u00dfe: Gro\u00df<\/p>\n\n\n\n<p>Farbe: Gr\u00fcnlich-gelb mit r\u00f6tlichen Streifen<\/p>\n\n\n\n<p>Form: Rund bis leicht abgeflacht<\/p>\n\n\n\n<p>Fleischfarbe: Fest und wei\u00df<\/p>\n\n\n\n<p>Geschmack: W\u00fcrzig und s\u00fc\u00df, sehr aromatisch<\/p>\n\n\n\n<p>Reifezeit: Oktober bis November, Genussreife ab November.<\/p>\n\n\n\n<p>Verwendung: Wintersorte.<\/p>\n\n\n\n<p>Beschreibung: Bekannt f\u00fcr ihr festes, w\u00fcrziges Fleisch; gute Lagerf\u00e4higkeit.<\/p>\n\n\n\n<p><em>Exzellent f\u00fcr Apfelbutter; langsam kochen, bis eine dickfl\u00fcssige, streichbare Konsistenz erreicht ist.<\/em><\/p>\n<\/div>\n\n\n\n<div class=\"wp-block-column is-layout-flow wp-block-column-is-layout-flow\">\n<p><\/p>\n<\/div>\n\n\n\n<div class=\"wp-block-column is-layout-flow wp-block-column-is-layout-flow\">\n<p><\/p>\n\n\n\n<p><\/p>\n<\/div>\n<\/div>\n<\/div>\n<\/div>\n\n\n\n<figure class=\"wp-block-pullquote\"><blockquote><p><strong>Im Obstbuch aufgef\u00fchrte Sorten <\/strong><br><strong>B01-12: Birnen<\/strong><\/p><\/blockquote><\/figure>\n\n\n\n<div class=\"wp-block-columns alignwide is-layout-flex wp-container-core-columns-is-layout-ff4b9c61 wp-block-columns-is-layout-flex\" style=\"margin-top:0;margin-bottom:0\">\n<div class=\"wp-block-column is-layout-flow wp-container-core-column-is-layout-8a368f38 wp-block-column-is-layout-flow\">\n<div class=\"wp-block-columns is-style-rounded is-layout-flex wp-container-core-columns-is-layout-28f84493 wp-block-columns-is-layout-flex\">\n<div class=\"wp-block-column is-layout-flow wp-block-column-is-layout-flow\" style=\"flex-basis:50%\">\n<p><strong>B01. Graue Sommer-Butterbirn<\/strong><\/p>\n\n\n\n<figure class=\"wp-block-image is-resized\"><img loading=\"lazy\" decoding=\"async\" width=\"1024\" height=\"1024\" src=\"https:\/\/citizen-science.ub.uni-kiel.de\/wp-content\/uploads\/2024\/08\/00_BirneDummy-3-1024x1024.jpg\" alt=\"\" class=\"wp-image-287\" style=\"width:175px;height:auto\" srcset=\"https:\/\/citizen-science.ub.uni-kiel.de\/wp-content\/uploads\/2024\/08\/00_BirneDummy-3-1024x1024.jpg 1024w, https:\/\/citizen-science.ub.uni-kiel.de\/wp-content\/uploads\/2024\/08\/00_BirneDummy-3-300x300.jpg 300w, https:\/\/citizen-science.ub.uni-kiel.de\/wp-content\/uploads\/2024\/08\/00_BirneDummy-3-150x150.jpg 150w, https:\/\/citizen-science.ub.uni-kiel.de\/wp-content\/uploads\/2024\/08\/00_BirneDummy-3-768x768.jpg 768w, https:\/\/citizen-science.ub.uni-kiel.de\/wp-content\/uploads\/2024\/08\/00_BirneDummy-3.jpg 1080w\" sizes=\"auto, (max-width: 1024px) 100vw, 1024px\" \/><\/figure>\n\n\n\n<p>Verschollen.<\/p>\n\n\n\n<p>Gr\u00f6\u00dfe: Klein bis mittel<\/p>\n\n\n\n<p>Farbe: Gr\u00fcnlich-grau, oft mit einem leichten Berostungseffekt<\/p>\n\n\n\n<p>Form: Rundlich bis leicht oval<\/p>\n\n\n\n<p>Fleischfarbe: Cremewei\u00df, sehr butterartig<\/p>\n\n\n\n<p>Geschmack: S\u00fc\u00df, sehr saftig, schmilzt im Mund<\/p>\n\n\n\n<p>Reifezeit: urspr\u00fcnglich Sommerbirne.<\/p>\n\n\n\n<p><em>Einst eine gesch\u00e4tzte Sorte in alten Obstg\u00e4rten, heute leider als verschollen gelistet.<\/em><\/p>\n<\/div>\n\n\n\n<div class=\"wp-block-column is-layout-flow wp-block-column-is-layout-flow\" style=\"flex-basis:50%\">\n<p><strong>B02. Sommer-Dechantsbirn<\/strong><\/p>\n\n\n\n<figure class=\"wp-block-image is-resized\"><img loading=\"lazy\" decoding=\"async\" width=\"1024\" height=\"1024\" src=\"https:\/\/citizen-science.ub.uni-kiel.de\/wp-content\/uploads\/2024\/08\/00_BirneDummy-3-1024x1024.jpg\" alt=\"\" class=\"wp-image-287\" style=\"width:175px;height:auto\" srcset=\"https:\/\/citizen-science.ub.uni-kiel.de\/wp-content\/uploads\/2024\/08\/00_BirneDummy-3-1024x1024.jpg 1024w, https:\/\/citizen-science.ub.uni-kiel.de\/wp-content\/uploads\/2024\/08\/00_BirneDummy-3-300x300.jpg 300w, https:\/\/citizen-science.ub.uni-kiel.de\/wp-content\/uploads\/2024\/08\/00_BirneDummy-3-150x150.jpg 150w, https:\/\/citizen-science.ub.uni-kiel.de\/wp-content\/uploads\/2024\/08\/00_BirneDummy-3-768x768.jpg 768w, https:\/\/citizen-science.ub.uni-kiel.de\/wp-content\/uploads\/2024\/08\/00_BirneDummy-3.jpg 1080w\" sizes=\"auto, (max-width: 1024px) 100vw, 1024px\" \/><\/figure>\n\n\n\n<p>Gr\u00f6\u00dfe: Gro\u00df<\/p>\n\n\n\n<p>Farbe: Gr\u00fcnlich-gelb, bei voller Reife leicht r\u00f6tlich<\/p>\n\n\n\n<p>Form: Typische Birnenform, l\u00e4nglich und rund am Stielende<\/p>\n\n\n\n<p>Fleischfarbe: Wei\u00df bis leicht gelblich<\/p>\n\n\n\n<p>Geschmack: Au\u00dferordentlich s\u00fc\u00df und saftig, sehr erfrischend<\/p>\n\n\n\n<p>Reifezeit: Pfl\u00fcckreif im August, sofort genussreif.<\/p>\n\n\n\n<p>Verwendung: Tafelbirne.<\/p>\n\n\n\n<p>Beschreibung: Sehr saftig und s\u00fc\u00df, beliebt f\u00fcr den Frischverzehr.<\/p>\n\n\n\n<p><em>Perfekt f\u00fcr Birnentarte. Mit Bl\u00e4tterteig und einer Prise Zimt f\u00fcr einen einfachen, aber eleganten Nachtisch.<\/em><\/p>\n<\/div>\n\n\n\n<div class=\"wp-block-column is-layout-flow wp-block-column-is-layout-flow\" style=\"flex-basis:50%\">\n<p><strong><a href=\"http:\/\/www.obstsortendatenbank.de\/punktierter_sommerdorn.htm\" data-type=\"link\" data-id=\"http:\/\/www.obstsortendatenbank.de\/punktierter_sommerdorn.htm\">B03. Punktirter Sommerdorn<\/a><\/strong><\/p>\n\n\n\n<figure class=\"wp-block-image is-resized\"><img loading=\"lazy\" decoding=\"async\" width=\"1024\" height=\"1024\" src=\"https:\/\/citizen-science.ub.uni-kiel.de\/wp-content\/uploads\/2024\/08\/00_BirneDummy-3-1024x1024.jpg\" alt=\"\" class=\"wp-image-287\" style=\"width:175px;height:auto\" srcset=\"https:\/\/citizen-science.ub.uni-kiel.de\/wp-content\/uploads\/2024\/08\/00_BirneDummy-3-1024x1024.jpg 1024w, https:\/\/citizen-science.ub.uni-kiel.de\/wp-content\/uploads\/2024\/08\/00_BirneDummy-3-300x300.jpg 300w, https:\/\/citizen-science.ub.uni-kiel.de\/wp-content\/uploads\/2024\/08\/00_BirneDummy-3-150x150.jpg 150w, https:\/\/citizen-science.ub.uni-kiel.de\/wp-content\/uploads\/2024\/08\/00_BirneDummy-3-768x768.jpg 768w, https:\/\/citizen-science.ub.uni-kiel.de\/wp-content\/uploads\/2024\/08\/00_BirneDummy-3.jpg 1080w\" sizes=\"auto, (max-width: 1024px) 100vw, 1024px\" \/><\/figure>\n\n\n\n<p>Farbe: Dunkelgr\u00fcn, bei Reife gelblich mit roten Punkten<\/p>\n\n\n\n<p>Form: Leicht abgeflacht, breiter an der Basis<\/p>\n\n\n\n<p>Fleischfarbe: Wei\u00df<\/p>\n\n\n\n<p>Geschmack: S\u00fc\u00df und w\u00fcrzig, mit einer feinen S\u00e4urenoteReifezeit: Pfl\u00fcckreif im September, sofort genussreif.<\/p>\n\n\n\n<p>Verwendung: Tafel- und Wirtschaftsbirne.<\/p>\n\n\n\n<p>Beschreibung: Dunkelgr\u00fcne bis gelbe Schale mit leichten Berostungen, mittelgro\u00df.<\/p>\n\n\n\n<p><em>Beliebt f\u00fcr die Herstellung von Birnenkonserven, dank seiner festen Textur und s\u00fc\u00dfen Geschmacksnoten.<\/em><\/p>\n<\/div>\n<\/div>\n\n\n\n<div style=\"height:100px\" aria-hidden=\"true\" class=\"wp-block-spacer\"><\/div>\n\n\n\n<div class=\"wp-block-columns is-style-rounded is-layout-flex wp-container-core-columns-is-layout-28f84493 wp-block-columns-is-layout-flex\">\n<div class=\"wp-block-column is-layout-flow wp-block-column-is-layout-flow\">\n<p><strong><a href=\"http:\/\/www.obstsortendatenbank.de\/hollaendische_feigenbirne.htm\" data-type=\"link\" data-id=\"http:\/\/www.obstsortendatenbank.de\/hollaendische_feigenbirne.htm\">B04. Holl\u00e4ndische Feigenbirn<\/a><\/strong><\/p>\n\n\n\n<figure class=\"wp-block-image is-resized\"><img loading=\"lazy\" decoding=\"async\" width=\"1024\" height=\"1024\" src=\"https:\/\/citizen-science.ub.uni-kiel.de\/wp-content\/uploads\/2024\/08\/00_BirneDummy-3-1024x1024.jpg\" alt=\"\" class=\"wp-image-287\" style=\"width:175px;height:auto\" srcset=\"https:\/\/citizen-science.ub.uni-kiel.de\/wp-content\/uploads\/2024\/08\/00_BirneDummy-3-1024x1024.jpg 1024w, https:\/\/citizen-science.ub.uni-kiel.de\/wp-content\/uploads\/2024\/08\/00_BirneDummy-3-300x300.jpg 300w, https:\/\/citizen-science.ub.uni-kiel.de\/wp-content\/uploads\/2024\/08\/00_BirneDummy-3-150x150.jpg 150w, https:\/\/citizen-science.ub.uni-kiel.de\/wp-content\/uploads\/2024\/08\/00_BirneDummy-3-768x768.jpg 768w, https:\/\/citizen-science.ub.uni-kiel.de\/wp-content\/uploads\/2024\/08\/00_BirneDummy-3.jpg 1080w\" sizes=\"auto, (max-width: 1024px) 100vw, 1024px\" \/><\/figure>\n\n\n\n<p>Verschollen.&nbsp;<\/p>\n\n\n\n<p>Gr\u00f6\u00dfe: Mittel<\/p>\n\n\n\n<p>Farbe: Gelb mit einem leichten r\u00f6tlichen Hauch<\/p>\n\n\n\n<p>Form: Rund und breit, typische &#8218;Feigen&#8216;-Form<\/p>\n\n\n\n<p>Fleischfarbe: Weich und saftig<\/p>\n\n\n\n<p>Geschmack: Extrem s\u00fc\u00df, feigen\u00e4hnlich<\/p>\n\n\n\n<p>Reifezeit: urspr\u00fcnglich eine Herbstbirne.<\/p>\n<\/div>\n\n\n\n<div class=\"wp-block-column is-layout-flow wp-block-column-is-layout-flow\">\n<p><strong><a href=\"http:\/\/www.obstsortendatenbank.de\/wildling_von_motte.htm\" data-type=\"link\" data-id=\"http:\/\/www.obstsortendatenbank.de\/wildling_von_motte.htm\">B05. Wildling von Motte<\/a><\/strong><\/p>\n\n\n\n<figure class=\"wp-block-image is-resized\"><img loading=\"lazy\" decoding=\"async\" width=\"1024\" height=\"1024\" src=\"https:\/\/citizen-science.ub.uni-kiel.de\/wp-content\/uploads\/2024\/08\/00_BirneDummy-3-1024x1024.jpg\" alt=\"\" class=\"wp-image-287\" style=\"width:175px;height:auto\" srcset=\"https:\/\/citizen-science.ub.uni-kiel.de\/wp-content\/uploads\/2024\/08\/00_BirneDummy-3-1024x1024.jpg 1024w, https:\/\/citizen-science.ub.uni-kiel.de\/wp-content\/uploads\/2024\/08\/00_BirneDummy-3-300x300.jpg 300w, https:\/\/citizen-science.ub.uni-kiel.de\/wp-content\/uploads\/2024\/08\/00_BirneDummy-3-150x150.jpg 150w, https:\/\/citizen-science.ub.uni-kiel.de\/wp-content\/uploads\/2024\/08\/00_BirneDummy-3-768x768.jpg 768w, https:\/\/citizen-science.ub.uni-kiel.de\/wp-content\/uploads\/2024\/08\/00_BirneDummy-3.jpg 1080w\" sizes=\"auto, (max-width: 1024px) 100vw, 1024px\" \/><\/figure>\n\n\n\n<p>Verschollen.<\/p>\n\n\n\n<p>Gr\u00f6\u00dfe: Klein<\/p>\n\n\n\n<p>Farbe: Gr\u00fcn bis gelblich<\/p>\n\n\n\n<p>Form: Irregul\u00e4r, oft asymmetrisch<\/p>\n\n\n\n<p>Fleischfarbe: Fest und knackig<\/p>\n\n\n\n<p>Geschmack: Variabel, oft herb bis mild s\u00fc\u00df<\/p>\n\n\n\n<p>Reifezeit: urspr\u00fcnglich eine Herbstbirne.<\/p>\n\n\n\n<p><em>In der regionalen K\u00fcche oft in traditionellen Rezepten verwendet, bevor sie als verschollen galt.<\/em><\/p>\n<\/div>\n\n\n\n<div class=\"wp-block-column is-layout-flow wp-block-column-is-layout-flow\">\n<p><strong><a href=\"http:\/\/www.obstsortendatenbank.de\/rote_bergamotte.htm\" data-type=\"link\" data-id=\"http:\/\/www.obstsortendatenbank.de\/rote_bergamotte.htm\">B06. Rothe Bergamotte<\/a><\/strong><\/p>\n\n\n\n<figure class=\"wp-block-image\"><img loading=\"lazy\" decoding=\"async\" width=\"600\" height=\"399\" src=\"https:\/\/citizen-science.ub.uni-kiel.de\/wp-content\/uploads\/2024\/08\/B06_Rote-Bergamotte.6370_resized_no_distortion_repositioned_watermarked.jpg\" alt=\"\" class=\"wp-image-288\" srcset=\"https:\/\/citizen-science.ub.uni-kiel.de\/wp-content\/uploads\/2024\/08\/B06_Rote-Bergamotte.6370_resized_no_distortion_repositioned_watermarked.jpg 600w, https:\/\/citizen-science.ub.uni-kiel.de\/wp-content\/uploads\/2024\/08\/B06_Rote-Bergamotte.6370_resized_no_distortion_repositioned_watermarked-300x200.jpg 300w\" sizes=\"auto, (max-width: 600px) 100vw, 600px\" \/><\/figure>\n\n\n\n<p>Gr\u00f6\u00dfe: Mittel<\/p>\n\n\n\n<p>Farbe: Intensiv rot \u00fcber einer gr\u00fcnen Grundfarbe<\/p>\n\n\n\n<p>Form: Rundlich, typische Bergamotte-Form<\/p>\n\n\n\n<p>Fleischfarbe: Cremewei\u00df<\/p>\n\n\n\n<p>Geschmack: S\u00fc\u00df mit einer leicht s\u00e4uerlichen Note, sehr aromatischReifezeit: Pfl\u00fcckreif im sp\u00e4ten September, Genussreif von Oktober bis November.<\/p>\n\n\n\n<p>Verwendung: Tafelbirne.<\/p>\n\n\n\n<p>Beschreibung: Saftiges, s\u00fc\u00dfes Fleisch, rot gef\u00e4rbte Schale.<\/p>\n\n\n\n<p><em>Exzellent in Birnenkonfit\u00fcre. Mit einem Hauch von Vanille kochen, um die nat\u00fcrlichen Aromen zu verst\u00e4rken.<\/em><\/p>\n<\/div>\n<\/div>\n\n\n\n<div style=\"height:100px\" aria-hidden=\"true\" class=\"wp-block-spacer\"><\/div>\n\n\n\n<div class=\"wp-block-columns is-style-rounded is-layout-flex wp-container-core-columns-is-layout-28f84493 wp-block-columns-is-layout-flex\">\n<div class=\"wp-block-column is-layout-flow wp-block-column-is-layout-flow\">\n<p><strong><a href=\"http:\/\/www.obstsortendatenbank.de\/koestliche_von_charneu.htm\" data-type=\"link\" data-id=\"http:\/\/www.obstsortendatenbank.de\/koestliche_von_charneu.htm\">B07. K\u00f6stliche von Charneu<\/a><\/strong><\/p>\n\n\n\n<figure class=\"wp-block-image is-resized\"><img loading=\"lazy\" decoding=\"async\" width=\"266\" height=\"400\" src=\"https:\/\/citizen-science.ub.uni-kiel.de\/wp-content\/uploads\/2024\/08\/B07_Koestliche-von-Charneux.07.9233_resized_no_distortion_repositioned_watermarked.jpg\" alt=\"\" class=\"wp-image-289\" style=\"width:205px;height:auto\" srcset=\"https:\/\/citizen-science.ub.uni-kiel.de\/wp-content\/uploads\/2024\/08\/B07_Koestliche-von-Charneux.07.9233_resized_no_distortion_repositioned_watermarked.jpg 266w, https:\/\/citizen-science.ub.uni-kiel.de\/wp-content\/uploads\/2024\/08\/B07_Koestliche-von-Charneux.07.9233_resized_no_distortion_repositioned_watermarked-200x300.jpg 200w\" sizes=\"auto, (max-width: 266px) 100vw, 266px\" \/><\/figure>\n\n\n\n<p>Gr\u00f6\u00dfe: Gro\u00df<\/p>\n\n\n\n<p>Farbe: Gelblich-gr\u00fcn mit einer leichten R\u00f6te auf der Sonnenseite<\/p>\n\n\n\n<p>Form: L\u00e4nglich, klassische Birnenform<\/p>\n\n\n\n<p>Fleischfarbe: Cremig, zart<\/p>\n\n\n\n<p>Geschmack: Au\u00dferordentlich s\u00fc\u00df und saftig, sehr geschmacksintensiv<\/p>\n\n\n\n<p>Reifezeit: Pfl\u00fcckreif im September, sofort genussreif.&nbsp;<\/p>\n\n\n\n<p>Verwendung: Tafelbirne.<\/p>\n\n\n\n<p>Beschreibung: Gro\u00df, saftig und s\u00fc\u00df, hervorragend im Geschmack.<\/p>\n\n\n\n<p><em>Bekannt f\u00fcr ihre herausragende Qualit\u00e4t und Beliebtheit bei Gourmets, oft als &#8222;K\u00f6nigin der Birnen&#8220; bezeichnet.<\/em><\/p>\n<\/div>\n\n\n\n<div class=\"wp-block-column is-layout-flow wp-block-column-is-layout-flow\">\n<p><strong><a href=\"http:\/\/www.obstsortendatenbank.de\/boscs_flaschenbirne.htm\" data-type=\"link\" data-id=\"http:\/\/www.obstsortendatenbank.de\/boscs_flaschenbirne.htm\">B08. Bosc&#8217;s Flaschenbirn<\/a><\/strong><\/p>\n\n\n\n<figure class=\"wp-block-image is-resized\"><img loading=\"lazy\" decoding=\"async\" width=\"266\" height=\"400\" src=\"https:\/\/citizen-science.ub.uni-kiel.de\/wp-content\/uploads\/2024\/08\/B08_Boscs-Flaschenbirne.8588_resized_no_distortion_repositioned_watermarked.jpg\" alt=\"\" class=\"wp-image-290\" style=\"width:207px;height:auto\" srcset=\"https:\/\/citizen-science.ub.uni-kiel.de\/wp-content\/uploads\/2024\/08\/B08_Boscs-Flaschenbirne.8588_resized_no_distortion_repositioned_watermarked.jpg 266w, https:\/\/citizen-science.ub.uni-kiel.de\/wp-content\/uploads\/2024\/08\/B08_Boscs-Flaschenbirne.8588_resized_no_distortion_repositioned_watermarked-200x300.jpg 200w\" sizes=\"auto, (max-width: 266px) 100vw, 266px\" \/><\/figure>\n\n\n\n<p>Gr\u00f6\u00dfe: Gro\u00df<\/p>\n\n\n\n<p>Farbe: Bronze mit einer charakteristischen Berostung<\/p>\n\n\n\n<p>Form: Lange, schlanke Flaschenform<\/p>\n\n\n\n<p>Fleischfarbe: Fest, leicht buttrig<\/p>\n\n\n\n<p>Geschmack: S\u00fc\u00df, w\u00fcrzig, mit einem reichen Aroma<\/p>\n\n\n\n<p>Reifezeit: Pfl\u00fcckreif im Oktober, Genussreif von November bis Januar.&nbsp;<\/p>\n\n\n\n<p>Verwendung: Tafelbirne.<\/p>\n\n\n\n<p>Beschreibung: L\u00e4ngliche Form, hervorragendes, s\u00fc\u00dfes und festes Fleisch.<\/p>\n\n\n\n<p><em>Beliebt f\u00fcr das Pochieren, da sie ihre Form gut h\u00e4lt und eine sch\u00f6ne Pr\u00e4sentation erm\u00f6glicht.<\/em><\/p>\n<\/div>\n\n\n\n<div class=\"wp-block-column is-layout-flow wp-block-column-is-layout-flow\">\n<p><strong><a href=\"http:\/\/www.obstsortendatenbank.de\/napoleons_butterbirne.htm\" data-type=\"link\" data-id=\"http:\/\/www.obstsortendatenbank.de\/napoleons_butterbirne.htm\">B09. Napoleons-Butterbirn<\/a><\/strong><\/p>\n\n\n\n<figure class=\"wp-block-image is-resized\"><img loading=\"lazy\" decoding=\"async\" width=\"1024\" height=\"1024\" src=\"https:\/\/citizen-science.ub.uni-kiel.de\/wp-content\/uploads\/2024\/08\/00_BirneDummy-3-1024x1024.jpg\" alt=\"\" class=\"wp-image-287\" style=\"width:175px;height:auto\" srcset=\"https:\/\/citizen-science.ub.uni-kiel.de\/wp-content\/uploads\/2024\/08\/00_BirneDummy-3-1024x1024.jpg 1024w, https:\/\/citizen-science.ub.uni-kiel.de\/wp-content\/uploads\/2024\/08\/00_BirneDummy-3-300x300.jpg 300w, https:\/\/citizen-science.ub.uni-kiel.de\/wp-content\/uploads\/2024\/08\/00_BirneDummy-3-150x150.jpg 150w, https:\/\/citizen-science.ub.uni-kiel.de\/wp-content\/uploads\/2024\/08\/00_BirneDummy-3-768x768.jpg 768w, https:\/\/citizen-science.ub.uni-kiel.de\/wp-content\/uploads\/2024\/08\/00_BirneDummy-3.jpg 1080w\" sizes=\"auto, (max-width: 1024px) 100vw, 1024px\" \/><\/figure>\n\n\n\n<p>Gr\u00f6\u00dfe: Mittel bis gro\u00df<\/p>\n\n\n\n<p>Farbe: Gr\u00fcnlich-gelb mit einer feinen Berostung<\/p>\n\n\n\n<p>Form: Typische Birnenform<\/p>\n\n\n\n<p>Fleischfarbe: Butterartig, weich<\/p>\n\n\n\n<p>Geschmack: Reichhaltig s\u00fc\u00df und saftig<\/p>\n\n\n\n<p>Reifezeit: Pfl\u00fcckreif im September, Genussreif von Oktober bis Dezember.&nbsp;<\/p>\n\n\n\n<p><em>K\u00f6stlich in Birnenkuchen. Mit einer leichten Zuckerglasur servieren, um die S\u00fc\u00dfe zu betonen.<\/em><\/p>\n<\/div>\n<\/div>\n\n\n\n<div style=\"height:100px\" aria-hidden=\"true\" class=\"wp-block-spacer\"><\/div>\n\n\n\n<div class=\"wp-block-columns is-style-rounded is-layout-flex wp-container-core-columns-is-layout-28f84493 wp-block-columns-is-layout-flex\">\n<div class=\"wp-block-column is-layout-flow wp-block-column-is-layout-flow\">\n<p><strong><a href=\"http:\/\/www.obstsortendatenbank.de\/diels_butterbirne.htm\" data-type=\"link\" data-id=\"http:\/\/www.obstsortendatenbank.de\/diels_butterbirne.htm\">B10. Diels-Butterbirn<\/a><\/strong><\/p>\n\n\n\n<figure class=\"wp-block-image is-resized\"><img loading=\"lazy\" decoding=\"async\" width=\"266\" height=\"400\" src=\"https:\/\/citizen-science.ub.uni-kiel.de\/wp-content\/uploads\/2024\/08\/B10_Diels-Butterbirne.8549_resized_no_distortion_repositioned_watermarked.jpg\" alt=\"\" class=\"wp-image-291\" style=\"width:192px;height:auto\" srcset=\"https:\/\/citizen-science.ub.uni-kiel.de\/wp-content\/uploads\/2024\/08\/B10_Diels-Butterbirne.8549_resized_no_distortion_repositioned_watermarked.jpg 266w, https:\/\/citizen-science.ub.uni-kiel.de\/wp-content\/uploads\/2024\/08\/B10_Diels-Butterbirne.8549_resized_no_distortion_repositioned_watermarked-200x300.jpg 200w\" sizes=\"auto, (max-width: 266px) 100vw, 266px\" \/><\/figure>\n\n\n\n<p>Gr\u00f6\u00dfe: Mittel<\/p>\n\n\n\n<p>Farbe: Gr\u00fcnlich-gelb mit einer leichten r\u00f6tlichen F\u00e4rbung<\/p>\n\n\n\n<p>Form: Klassische Birnenform<\/p>\n\n\n\n<p>Fleischfarbe: Sehr weich und schmelzend<\/p>\n\n\n\n<p>Geschmack: Extrem s\u00fc\u00df, sehr aromatisch<\/p>\n\n\n\n<p>Reifezeit: Pfl\u00fcckreif im Oktober, Genussreif von November bis Januar.&nbsp;<\/p>\n\n\n\n<p>Verwendung: Winterbirne.&nbsp;&nbsp;&nbsp;&nbsp;&nbsp;<\/p>\n\n\n\n<p>Beschreibung: Bekannt f\u00fcr ihre Butterigkeit und Saftigkeit, ausgezeichneter Geschmack.<\/p>\n\n\n\n<p><em>Diese Birnensorte ist nach ihrem Z\u00fcchter benannt und bekannt f\u00fcr ihre einzigartig butterige Textur.<\/em><\/p>\n<\/div>\n\n\n\n<div class=\"wp-block-column is-layout-flow wp-block-column-is-layout-flow\">\n<p><strong><a href=\"http:\/\/www.obstsortendatenbank.de\/regentin.htm\" data-type=\"link\" data-id=\"http:\/\/www.obstsortendatenbank.de\/regentin.htm\">B11. Die Regentin<\/a><\/strong><\/p>\n\n\n\n<figure class=\"wp-block-image size-full is-resized\"><img loading=\"lazy\" decoding=\"async\" width=\"266\" height=\"400\" src=\"https:\/\/citizen-science.ub.uni-kiel.de\/wp-content\/uploads\/2024\/08\/B11_Regentin.0572_resized_no_distortion_repositioned_watermarked.jpg\" alt=\"\" class=\"wp-image-292\" style=\"width:192px;height:auto\" srcset=\"https:\/\/citizen-science.ub.uni-kiel.de\/wp-content\/uploads\/2024\/08\/B11_Regentin.0572_resized_no_distortion_repositioned_watermarked.jpg 266w, https:\/\/citizen-science.ub.uni-kiel.de\/wp-content\/uploads\/2024\/08\/B11_Regentin.0572_resized_no_distortion_repositioned_watermarked-200x300.jpg 200w\" sizes=\"auto, (max-width: 266px) 100vw, 266px\" \/><\/figure>\n\n\n\n<p>Gr\u00f6\u00dfe: Gro\u00df<\/p>\n\n\n\n<p>Farbe: Gr\u00fcnlich mit einem r\u00f6tlichen Hauch<\/p>\n\n\n\n<p>Form: L\u00e4nglich, robust<\/p>\n\n\n\n<p>Fleischfarbe: Wei\u00df bis cremig<\/p>\n\n\n\n<p>Geschmack: S\u00fc\u00df mit einer feinen S\u00e4ure, sehr saftig<\/p>\n\n\n\n<p>Reifezeit: Pfl\u00fcckreif im Oktober, Genussreif von November bis Januar.&nbsp;<\/p>\n\n\n\n<p>Verwendung: Wintertafelbirne.<\/p>\n\n\n\n<p>Beschreibung: Geschmacklich ausgezeichnet, wird aber unter bestimmten Bedingungen r\u00fcbig.<\/p>\n\n\n\n<p><em>In der lokalen K\u00fcche oft in festlichen Gerichten verwendet, um besondere Anl\u00e4sse zu feiern.<\/em><\/p>\n<\/div>\n\n\n\n<div class=\"wp-block-column is-layout-flow wp-block-column-is-layout-flow\">\n<p><strong><a href=\"http:\/\/www.obstsortendatenbank.de\/hardenponts_winterbutterbirne.htm\" data-type=\"link\" data-id=\"http:\/\/www.obstsortendatenbank.de\/hardenponts_winterbutterbirne.htm\">B12. Hardenponts Winterbutterbirn<\/a><\/strong><\/p>\n\n\n\n<figure class=\"wp-block-image is-resized\"><img loading=\"lazy\" decoding=\"async\" width=\"1024\" height=\"1024\" src=\"https:\/\/citizen-science.ub.uni-kiel.de\/wp-content\/uploads\/2024\/08\/00_BirneDummy-3-1024x1024.jpg\" alt=\"\" class=\"wp-image-287\" style=\"width:175px;height:auto\" srcset=\"https:\/\/citizen-science.ub.uni-kiel.de\/wp-content\/uploads\/2024\/08\/00_BirneDummy-3-1024x1024.jpg 1024w, https:\/\/citizen-science.ub.uni-kiel.de\/wp-content\/uploads\/2024\/08\/00_BirneDummy-3-300x300.jpg 300w, https:\/\/citizen-science.ub.uni-kiel.de\/wp-content\/uploads\/2024\/08\/00_BirneDummy-3-150x150.jpg 150w, https:\/\/citizen-science.ub.uni-kiel.de\/wp-content\/uploads\/2024\/08\/00_BirneDummy-3-768x768.jpg 768w, https:\/\/citizen-science.ub.uni-kiel.de\/wp-content\/uploads\/2024\/08\/00_BirneDummy-3.jpg 1080w\" sizes=\"auto, (max-width: 1024px) 100vw, 1024px\" \/><\/figure>\n\n\n\n<p>Gr\u00f6\u00dfe: Gro\u00df<\/p>\n\n\n\n<p>Farbe: Gr\u00fcngelb mit einer feinen r\u00f6tlichen \u00dcberhauchung<\/p>\n\n\n\n<p>Form: Breit und rundlich<\/p>\n\n\n\n<p>Fleischfarbe: Wei\u00df, sehr butterartig<\/p>\n\n\n\n<p>Geschmack: Au\u00dferordentlich s\u00fc\u00df, reichhaltig, schmelzend<\/p>\n\n\n\n<p>Reifezeit: Pfl\u00fcckreif im sp\u00e4ten Oktober, Genussreif von Dezember bis Februar.&nbsp;<\/p>\n\n\n\n<p>Verwendung: Wintertafelbirne.<\/p>\n\n\n\n<p>Beschreibung: Voll schmelzend, ausgezeichneter Geschmack, gute Reife am Spalier.<\/p>\n\n\n\n<p><em>Ideal f\u00fcr festliche Kompotte, besonders gut mit Zimt und Sternanis gew\u00fcrzt.<\/em><\/p>\n<\/div>\n<\/div>\n<\/div>\n<\/div>\n<\/div>\n","protected":false},"excerpt":{"rendered":"<p>Die Vorrede unseres historischen Obstbuches von 1859 spiegelt das wissenschaftliche und kulturelle Bestreben seiner Zeit wider, das Wissen um Obstsorten systematisch zu erfassen und zu verbreiten. Geschrieben in einer Zeit, als die Pomologie \u2013 die Lehre der Obstbaumkunde \u2013 in voller Bl\u00fcte stand, dient das Buch als Leitfaden f\u00fcr die damals in Schleswig-Holstein und Hamburg [&hellip;]<\/p>\n","protected":false},"author":3,"featured_media":0,"parent":0,"menu_order":0,"comment_status":"closed","ping_status":"closed","template":"","meta":{"footnotes":""},"class_list":["post-175","page","type-page","status-publish","hentry"],"_links":{"self":[{"href":"https:\/\/citizen-science.ub.uni-kiel.de\/index.php?rest_route=\/wp\/v2\/pages\/175","targetHints":{"allow":["GET"]}}],"collection":[{"href":"https:\/\/citizen-science.ub.uni-kiel.de\/index.php?rest_route=\/wp\/v2\/pages"}],"about":[{"href":"https:\/\/citizen-science.ub.uni-kiel.de\/index.php?rest_route=\/wp\/v2\/types\/page"}],"author":[{"embeddable":true,"href":"https:\/\/citizen-science.ub.uni-kiel.de\/index.php?rest_route=\/wp\/v2\/users\/3"}],"replies":[{"embeddable":true,"href":"https:\/\/citizen-science.ub.uni-kiel.de\/index.php?rest_route=%2Fwp%2Fv2%2Fcomments&post=175"}],"version-history":[{"count":17,"href":"https:\/\/citizen-science.ub.uni-kiel.de\/index.php?rest_route=\/wp\/v2\/pages\/175\/revisions"}],"predecessor-version":[{"id":295,"href":"https:\/\/citizen-science.ub.uni-kiel.de\/index.php?rest_route=\/wp\/v2\/pages\/175\/revisions\/295"}],"wp:attachment":[{"href":"https:\/\/citizen-science.ub.uni-kiel.de\/index.php?rest_route=%2Fwp%2Fv2%2Fmedia&parent=175"}],"curies":[{"name":"wp","href":"https:\/\/api.w.org\/{rel}","templated":true}]}}